{"id":11576,"date":"2022-12-12T23:44:54","date_gmt":"2022-12-12T22:44:54","guid":{"rendered":"https:\/\/marito.pl\/?page_id=11576"},"modified":"2023-02-13T22:23:45","modified_gmt":"2023-02-13T21:23:45","slug":"kariera","status":"publish","type":"page","link":"https:\/\/marito.pl\/cs\/kariera\/","title":{"rendered":"Kari\u00e9ra"},"content":{"rendered":"<div class=\"wpb-content-wrapper\"><p>[vc_row][vc_column][vc_column_text]<\/p>\n<h6><span style=\"color: #000000;\">U Marita ji\u017e 15 let tvo\u0159\u00edme s v\u00e1\u0161n\u00ed kvalitn\u00ed n\u00e1bytek pro soukrom\u00e9 i firemn\u00ed interi\u00e9ry. Pokud stejn\u011b jako my m\u00e1te hlavu plnou n\u00e1pad\u016f, oce\u0148ujete nep\u0159etr\u017eit\u00fd rozvoj a r\u00e1di pracujete s lidmi, ozv\u011bte se n\u00e1m. Mo\u017en\u00e1 se stanete sou\u010d\u00e1st\u00ed na\u0161eho t\u00fdmu!<\/span><\/h6>\n<p>&nbsp;<\/p>\n<h6><strong><span style=\"color: #000000;\">Oblasti p\u016fsoben\u00ed firmy Marito<\/span><\/strong><br \/>\n<span style=\"color: #000000;\">U Marita zaji\u0161\u0165ujeme komplexn\u00ed realizaci zak\u00e1zek. Zab\u00fdv\u00e1me se nejenom navrhov\u00e1n\u00edm, v\u00fdrobou a mont\u00e1\u017e\u00ed n\u00e1bytku. Z\u00e1kazn\u00edk\u016fm tak\u00e9 v\u017edy pom\u00e1h\u00e1me a profesion\u00e1ln\u011b rad\u00edme. Proto se v na\u0161\u00ed firm\u011b m\u016f\u017eete rozv\u00edjet v mnoha r\u016fzn\u00fdch oblastech.<\/span><\/h6>\n<p>&nbsp;<\/p>\n<h6><strong><span style=\"color: #000000;\">V z\u00e1vislosti na Va\u0161ich kompetenc\u00edch a dovednostech se m\u016f\u017eete uch\u00e1zet o n\u00e1sleduj\u00edc\u00ed pracovn\u00ed pozice:<\/span><\/strong><\/h6>\n<h6 style=\"padding-left: 40px;\"><span style=\"color: #000000;\">\u25cf v projek\u010dn\u00edm odd\u011blen\u00ed \u2013 k Va\u0161im povinnostem bude pat\u0159it mj. zpracov\u00e1n\u00ed n\u00e1vrh\u016f podle po\u017eadavk\u016f z\u00e1kazn\u00edk\u016f a st\u00e1l\u00fd kontakt s prodejn\u00edm odd\u011blen\u00edm;<\/span><\/h6>\n<h6 style=\"padding-left: 40px;\"><span style=\"color: #000000;\">\u25cf v prodejn\u00edm odd\u011blen\u00ed \u2013 Va\u0161\u00edm z\u00e1kladn\u00edm \u00fakolem bude obsluhov\u00e1n\u00ed z\u00e1kazn\u00edk\u016f;<\/span><\/h6>\n<h6 style=\"padding-left: 40px;\"><span style=\"color: #000000;\">\u25cf v mont\u00e1\u017en\u00edm t\u00fdmu \u2013 vhodn\u00e9 zejm\u00e9na pro pracovn\u00edky se zku\u0161enostmi s mont\u00e1\u017e\u00ed n\u00e1bytkov\u00fdch syst\u00e9m\u016f.<\/span><\/h6>\n<h6><span style=\"color: #000000;\">I kdy\u017e v sou\u010dasnosti nem\u00e1me \u017e\u00e1dn\u00e1 voln\u00e1 m\u00edsta, r\u00e1di se sezn\u00e1m\u00edme s Va\u0161im CV a nech\u00e1me si ho na pozd\u011bji. Po\u0161lete n\u00e1m CV a n\u011bkolik slov o sob\u011b na e-mailovou adresu: rekrutacja@marito.pl . Va\u0161e \u017e\u00e1dost o zam\u011bstn\u00e1n\u00ed mus\u00ed obsahovat dolo\u017eku: \u201eSouhlas\u00edm se zpracov\u00e1n\u00edm osobn\u00edch \u00fadaj\u016f, kter\u00e9 jsou uvedeny v m\u00e9 \u017e\u00e1dosti o p\u0159ijet\u00ed do zam\u011bstn\u00e1n\u00ed, za \u00fa\u010delem realizace n\u00e1borov\u00e9ho procesu a v souladu se z\u00e1konem ze dne 29. srpna 1997, o ochran\u011b osobn\u00edch \u00fadaj\u016f (tj. Sb. z\u00e1k. Polsk\u00e9 republiky z r. 2016, pol. 922). Sou\u010dasn\u011b souhlas\u00edm s t\u00edm, aby firma Marito zpracov\u00e1vala m\u00e9 osobn\u00ed \u00fadaje za \u00fa\u010delem budouc\u00edch n\u00e1bor\u016f\u201c.<\/span><\/h6>\n<h6><span style=\"color: #000000;\"><br \/>\n<strong>Co nab\u00edz\u00edme?<\/strong><\/span><br \/>\n<span style=\"color: #000000;\"><strong>Pro\u010d stoj\u00ed za to se st\u00e1t sou\u010d\u00e1st\u00ed t\u00fdmu Marito?<\/strong><\/span><\/h6>\n<h6 style=\"padding-left: 40px;\"><span style=\"color: #000000;\">\u25cf Klademe d\u016fraz na trval\u00fd rozvoj \u2013 s n\u00e1mi se sezn\u00e1m\u00edte s nejlep\u0161\u00edmi \u0159e\u0161en\u00edmi v oboru a jako prvn\u00ed se dozv\u00edte o celosv\u011btov\u00fdch inovac\u00edch. Tak\u00e9 se budete moci z\u00fa\u010dastnit odborn\u00fdch \u0161kolen\u00ed, kter\u00e1 zv\u00fd\u0161\u00ed Va\u0161e kompetence a roz\u0161\u00ed\u0159\u00ed Va\u0161e znalosti.<\/span><br \/>\n<span style=\"color: #000000;\"><br \/>\n\u25cf Nab\u00edz\u00edme stabiln\u00ed zam\u011bstn\u00e1n\u00ed na z\u00e1klad\u011b pracovn\u00ed smlouvy.<\/span><br \/>\n<span style=\"color: #000000;\"><br \/>\n\u25cf Jsme otev\u0159eni nov\u00fdm n\u00e1pad\u016fm a zku\u0161enostem! Oce\u0148ujeme kreativn\u00ed lidi, naslouch\u00e1me jim a pak vyu\u017e\u00edv\u00e1me jejich n\u00e1vrhy! U n\u00e1s prost\u011b nebudete jenom mechanicky plnit sv\u00e9 povinnosti \u2013 poskytneme V\u00e1m v\u011bt\u0161\u00ed prostor pro rozvoj.<\/span><br \/>\n<span style=\"color: #000000;\"><br \/>\n\u25cf Garantujeme V\u00e1m p\u0159\u00edjemnou a z\u00e1rove\u0148 tv\u016fr\u010d\u00ed atmosf\u00e9ru. V na\u0161em t\u00fdmu je d\u016fle\u017eit\u00e9 sd\u00edlen\u00ed znalost\u00ed a vz\u00e1jemn\u00e1 pomoc. Tak\u00e9 preferujeme vlastn\u00ed n\u00e1pady a jejich zlep\u0161ov\u00e1n\u00ed \u2013 d\u00edky tomu m\u016f\u017eeme na\u0161im z\u00e1kazn\u00edk\u016fm nab\u00eddnou mnohem v\u00edce ne\u017e ostatn\u00ed!<\/span><\/h6>\n<p>&nbsp;<\/p>\n<h6><strong><span style=\"color: #000000;\">Cht\u011bli byste u n\u00e1s pracovat? Nev\u00e1hejte n\u00e1s kontaktovat!<\/span><\/strong><\/h6>\n<p>[\/vc_column_text][\/vc_column][\/vc_row][vc_row][vc_column][vc_empty_space height=&#8220;100px&#8220;][\/vc_column][\/vc_row][vc_row row_content_width=&#8220;grid&#8220; content_text_aligment=&#8220;center&#8220; type=&#8220;solid&#8220; size=&#8220;&#8220; text=&#8220;Kontakt&#8220; target=&#8220;_self&#8220; icon_pack=&#8220;&#8220; dripicon=&#8220;&#8220; fe_icon=&#8220;&#8220; fa_icon=&#8220;&#8220; ion_icon=&#8220;&#8220; linea_icon=&#8220;&#8220; linear_icon=&#8220;&#8220; simple_line_icon=&#8220;&#8220; font_weight=&#8220;&#8220; text_transform=&#8220;&#8220; link=&#8220;https:\/\/marito.pl\/kontakt_meble_na_wymiar_i_na_zamowienie_marito_warszawa\/&#8220; custom_class=&#8220;&#8220; color=&#8220;&#8220; hover_color=&#8220;&#8220; background_color=&#8220;&#8220; hover_background_color=&#8220;&#8220; border_color=&#8220;&#8220; hover_border_color=&#8220;&#8220; font_size=&#8220;&#8220; margin=&#8220;&#8220; padding=&#8220;&#8220;][vc_column offset=&#8220;vc_col-lg-offset-1 vc_col-lg-10&#8243;]<a itemprop=\"url\" href=\"https:\/\/marito.pl\/cs\/kontakt\/\" target=\"_self\"  class=\"qodef-btn qodef-btn-medium qodef-btn-solid\"  >\n\t        <span class=\"qodef-btn-text\">Kontakt<\/span>\n            <\/a>[\/vc_column][\/vc_row]<\/p>\n<\/div>","protected":false},"excerpt":{"rendered":"<p>[vc_row][vc_column][vc_column_text] U Marita ji\u017e 15 let tvo\u0159\u00edme s v\u00e1\u0161n\u00ed kvalitn\u00ed n\u00e1bytek pro soukrom\u00e9 i firemn\u00ed interi\u00e9ry. Pokud stejn\u011b jako my m\u00e1te hlavu plnou n\u00e1pad\u016f, oce\u0148ujete nep\u0159etr\u017eit\u00fd rozvoj a r\u00e1di pracujete s lidmi, ozv\u011bte se n\u00e1m. Mo\u017en\u00e1 se stanete sou\u010d\u00e1st\u00ed na\u0161eho t\u00fdmu! &nbsp; Oblasti p\u016fsoben\u00ed firmy Marito U Marita zaji\u0161\u0165ujeme komplexn\u00ed [&hellip;]<\/p>\n","protected":false},"author":7,"featured_media":0,"parent":0,"menu_order":0,"comment_status":"closed","ping_status":"closed","template":"","meta":{"footnotes":""},"class_list":["post-11576","page","type-page","status-publish","hentry"],"yoast_head":"<!-- This site is optimized with the Yoast SEO plugin v25.8 - https:\/\/yoast.com\/wordpress\/plugins\/seo\/ -->\n<title>Kari\u00e9ra | Wroc\u0142aw, Warszawa - Marito<\/title>\n<meta name=\"description\" content=\"Marito \u27a4 Kari\u00e9ra \u2714\ufe0f Kompleksowe wykonanie \u2714\ufe0f Nowoczesne realizacje \u2b50 Sprawd\u017a!\" \/>\n<meta name=\"robots\" content=\"index, follow, max-snippet:-1, max-image-preview:large, max-video-preview:-1\" \/>\n<link rel=\"canonical\" href=\"https:\/\/marito.pl\/cs\/kariera\/\" \/>\n<meta property=\"og:locale\" content=\"cs_CZ\" \/>\n<meta property=\"og:type\" content=\"article\" \/>\n<meta property=\"og:title\" content=\"Kari\u00e9ra | Wroc\u0142aw, Warszawa - Marito\" \/>\n<meta property=\"og:description\" content=\"Marito \u27a4 Kari\u00e9ra \u2714\ufe0f Kompleksowe wykonanie \u2714\ufe0f Nowoczesne realizacje \u2b50 Sprawd\u017a!\" \/>\n<meta property=\"og:url\" content=\"https:\/\/marito.pl\/cs\/kariera\/\" \/>\n<meta property=\"og:site_name\" content=\"Meble na wymiar i na zam\u00f3wienie - Marito\" \/>\n<meta property=\"article:modified_time\" content=\"2023-02-13T21:23:45+00:00\" \/>\n<meta name=\"twitter:card\" content=\"summary_large_image\" \/>\n<meta name=\"twitter:label1\" content=\"Odhadovan\u00e1 doba \u010dten\u00ed\" \/>\n\t<meta name=\"twitter:data1\" content=\"3 minuty\" \/>\n<script type=\"application\/ld+json\" class=\"yoast-schema-graph\">{\"@context\":\"https:\/\/schema.org\",\"@graph\":[{\"@type\":\"WebPage\",\"@id\":\"https:\/\/marito.pl\/cs\/kariera\/\",\"url\":\"https:\/\/marito.pl\/cs\/kariera\/\",\"name\":\"Kari\u00e9ra | Wroc\u0142aw, Warszawa - Marito\",\"isPartOf\":{\"@id\":\"https:\/\/marito.pl\/cs\/#website\"},\"datePublished\":\"2022-12-12T22:44:54+00:00\",\"dateModified\":\"2023-02-13T21:23:45+00:00\",\"description\":\"Marito \u27a4 Kari\u00e9ra \u2714\ufe0f Kompleksowe wykonanie \u2714\ufe0f Nowoczesne realizacje \u2b50 Sprawd\u017a!\",\"breadcrumb\":{\"@id\":\"https:\/\/marito.pl\/cs\/kariera\/#breadcrumb\"},\"inLanguage\":\"cs\",\"potentialAction\":[{\"@type\":\"ReadAction\",\"target\":[\"https:\/\/marito.pl\/cs\/kariera\/\"]}]},{\"@type\":\"BreadcrumbList\",\"@id\":\"https:\/\/marito.pl\/cs\/kariera\/#breadcrumb\",\"itemListElement\":[{\"@type\":\"ListItem\",\"position\":1,\"name\":\"Strona g\u0142\u00f3wna\",\"item\":\"https:\/\/marito.pl\/cs\/\"},{\"@type\":\"ListItem\",\"position\":2,\"name\":\"Kari\u00e9ra\"}]},{\"@type\":\"WebSite\",\"@id\":\"https:\/\/marito.pl\/cs\/#website\",\"url\":\"https:\/\/marito.pl\/cs\/\",\"name\":\"MARITO Meble na Wymiar Warszawa\",\"description\":\"Meble na wymiar i zam\u00f3wienie bezpo\u015brednio od producenta. Solidny, pewny i sprawdzony wykonawca mebli na wymiar.\",\"alternateName\":\"MARITO\",\"potentialAction\":[{\"@type\":\"SearchAction\",\"target\":{\"@type\":\"EntryPoint\",\"urlTemplate\":\"https:\/\/marito.pl\/cs\/?s={search_term_string}\"},\"query-input\":{\"@type\":\"PropertyValueSpecification\",\"valueRequired\":true,\"valueName\":\"search_term_string\"}}],\"inLanguage\":\"cs\"}]}<\/script>\n<!-- \/ Yoast SEO plugin. -->","yoast_head_json":{"title":"Kari\u00e9ra | Wroc\u0142aw, Warszawa - Marito","description":"Marito \u27a4 Kari\u00e9ra \u2714\ufe0f Kompleksowe wykonanie \u2714\ufe0f Nowoczesne realizacje \u2b50 Sprawd\u017a!","robots":{"index":"index","follow":"follow","max-snippet":"max-snippet:-1","max-image-preview":"max-image-preview:large","max-video-preview":"max-video-preview:-1"},"canonical":"https:\/\/marito.pl\/cs\/kariera\/","og_locale":"cs_CZ","og_type":"article","og_title":"Kari\u00e9ra | Wroc\u0142aw, Warszawa - Marito","og_description":"Marito \u27a4 Kari\u00e9ra \u2714\ufe0f Kompleksowe wykonanie \u2714\ufe0f Nowoczesne realizacje \u2b50 Sprawd\u017a!","og_url":"https:\/\/marito.pl\/cs\/kariera\/","og_site_name":"Meble na wymiar i na zam\u00f3wienie - Marito","article_modified_time":"2023-02-13T21:23:45+00:00","twitter_card":"summary_large_image","twitter_misc":{"Odhadovan\u00e1 doba \u010dten\u00ed":"3 minuty"},"schema":{"@context":"https:\/\/schema.org","@graph":[{"@type":"WebPage","@id":"https:\/\/marito.pl\/cs\/kariera\/","url":"https:\/\/marito.pl\/cs\/kariera\/","name":"Kari\u00e9ra | Wroc\u0142aw, Warszawa - Marito","isPartOf":{"@id":"https:\/\/marito.pl\/cs\/#website"},"datePublished":"2022-12-12T22:44:54+00:00","dateModified":"2023-02-13T21:23:45+00:00","description":"Marito \u27a4 Kari\u00e9ra \u2714\ufe0f Kompleksowe wykonanie \u2714\ufe0f Nowoczesne realizacje \u2b50 Sprawd\u017a!","breadcrumb":{"@id":"https:\/\/marito.pl\/cs\/kariera\/#breadcrumb"},"inLanguage":"cs","potentialAction":[{"@type":"ReadAction","target":["https:\/\/marito.pl\/cs\/kariera\/"]}]},{"@type":"BreadcrumbList","@id":"https:\/\/marito.pl\/cs\/kariera\/#breadcrumb","itemListElement":[{"@type":"ListItem","position":1,"name":"Strona g\u0142\u00f3wna","item":"https:\/\/marito.pl\/cs\/"},{"@type":"ListItem","position":2,"name":"Kari\u00e9ra"}]},{"@type":"WebSite","@id":"https:\/\/marito.pl\/cs\/#website","url":"https:\/\/marito.pl\/cs\/","name":"MARITO Meble na Wymiar Warszawa","description":"Meble na wymiar i zam\u00f3wienie bezpo\u015brednio od producenta. Solidny, pewny i sprawdzony wykonawca mebli na wymiar.","alternateName":"MARITO","potentialAction":[{"@type":"SearchAction","target":{"@type":"EntryPoint","urlTemplate":"https:\/\/marito.pl\/cs\/?s={search_term_string}"},"query-input":{"@type":"PropertyValueSpecification","valueRequired":true,"valueName":"search_term_string"}}],"inLanguage":"cs"}]}},"_links":{"self":[{"href":"https:\/\/marito.pl\/cs\/wp-json\/wp\/v2\/pages\/11576","targetHints":{"allow":["GET"]}}],"collection":[{"href":"https:\/\/marito.pl\/cs\/wp-json\/wp\/v2\/pages"}],"about":[{"href":"https:\/\/marito.pl\/cs\/wp-json\/wp\/v2\/types\/page"}],"author":[{"embeddable":true,"href":"https:\/\/marito.pl\/cs\/wp-json\/wp\/v2\/users\/7"}],"replies":[{"embeddable":true,"href":"https:\/\/marito.pl\/cs\/wp-json\/wp\/v2\/comments?post=11576"}],"version-history":[{"count":0,"href":"https:\/\/marito.pl\/cs\/wp-json\/wp\/v2\/pages\/11576\/revisions"}],"wp:attachment":[{"href":"https:\/\/marito.pl\/cs\/wp-json\/wp\/v2\/media?parent=11576"}],"curies":[{"name":"wp","href":"https:\/\/api.w.org\/{rel}","templated":true}]}}